{"id":309,"date":"2020-01-13T11:17:52","date_gmt":"2020-01-13T11:17:52","guid":{"rendered":"https:\/\/demosites.io\/web-agency-gb\/?page_id=5"},"modified":"2025-09-24T15:29:11","modified_gmt":"2025-09-24T15:29:11","slug":"15c42-web-agency-gb-home","status":"publish","type":"page","link":"https:\/\/ackernundbewegen.de\/","title":{"rendered":"Home"},"content":{"rendered":"\n<h1 class=\"wp-block-heading ticss-ec8009db\" style=\"padding-top:40px;font-size:40px;font-style:normal;font-weight:700\">F\u00fcr eine Landwirtschaft,<br>die bewegt.<\/h1>\n\n\n\n<div class=\"wp-block-cover alignfull is-light ticss-70c4c0f4 wp-duotone-unset-1\"><img loading=\"lazy\" decoding=\"async\" width=\"2560\" height=\"1707\" class=\"wp-block-cover__image-background wp-image-374\" alt=\"\" src=\"https:\/\/ackernundbewegen.de\/wp-content\/uploads\/2025\/03\/Erntezeit-scaled.jpg\" style=\"object-position:54% 49%\" data-object-fit=\"cover\" data-object-position=\"54% 49%\" srcset=\"https:\/\/ackernundbewegen.de\/wp-content\/uploads\/2025\/03\/Erntezeit-scaled.jpg 2560w, https:\/\/ackernundbewegen.de\/wp-content\/uploads\/2025\/03\/Erntezeit-300x200.jpg 300w, https:\/\/ackernundbewegen.de\/wp-content\/uploads\/2025\/03\/Erntezeit-1024x683.jpg 1024w, https:\/\/ackernundbewegen.de\/wp-content\/uploads\/2025\/03\/Erntezeit-768x512.jpg 768w, https:\/\/ackernundbewegen.de\/wp-content\/uploads\/2025\/03\/Erntezeit-1536x1024.jpg 1536w, https:\/\/ackernundbewegen.de\/wp-content\/uploads\/2025\/03\/Erntezeit-2048x1365.jpg 2048w, https:\/\/ackernundbewegen.de\/wp-content\/uploads\/2025\/03\/Erntezeit-930x620.jpg 930w\" sizes=\"auto, (max-width: 2560px) 100vw, 2560px\" \/><span aria-hidden=\"true\" class=\"wp-block-cover__background has-background-dim-0 has-background-dim\" style=\"background-color:#c1a785\"><\/span><div class=\"wp-block-cover__inner-container is-layout-flow wp-block-cover-is-layout-flow\">\n<h1 class=\"wp-block-heading has-text-align-left ticss-c005c126 has-nv-text-dark-bg-color has-text-color\" style=\"padding-right:var(--wp--preset--spacing--60);padding-left:var(--wp--preset--spacing--60)\">F\u00fcr eine Landwirtschaft,<br>die bewegt.<\/h1>\n<\/div><\/div>\n\n\n\n<div class=\"wp-block-columns three-columns-section ticss-9ba8c2f8 is-layout-flex wp-container-core-columns-is-layout-9d6595d7 wp-block-columns-is-layout-flex\">\n<div class=\"wp-block-column is-layout-flow wp-block-column-is-layout-flow\"><div class=\"wp-block-image icon-style is-style-rounded\">\n<figure class=\"aligncenter size-full\"><img loading=\"lazy\" decoding=\"async\" width=\"64\" height=\"64\" src=\"https:\/\/ackernundbewegen.de\/wp-content\/uploads\/2025\/04\/Frame-65.png\" alt=\"\" class=\"wp-image-969\" title=\"\"\/><\/figure>\n<\/div>\n\n\n<h3 class=\"wp-block-heading has-text-align-center has-neve-text-color-color has-text-color\">ackern<\/h3>\n\n\n\n<p class=\"has-text-align-left\">Wir packen an, schaffen vielf\u00e4ltige Landschaften und produzieren leckere Lebensmittel \u2013 und wir stellen uns den Herausforderungen unserer Zeit. Denn Landwirtschaft hei\u00dft L\u00f6sungen suchen.<\/p>\n<\/div>\n\n\n\n<div class=\"wp-block-column is-layout-flow wp-block-column-is-layout-flow\"><div class=\"wp-block-image icon-style is-style-rounded\">\n<figure class=\"aligncenter size-full\"><img loading=\"lazy\" decoding=\"async\" width=\"64\" height=\"64\" src=\"https:\/\/ackernundbewegen.de\/wp-content\/uploads\/2025\/04\/Frame-67.png\" alt=\"\" class=\"wp-image-973\"\/><\/figure>\n<\/div>\n\n\n<h3 class=\"wp-block-heading has-text-align-center has-neve-text-color-color has-text-color\">informieren<\/h3>\n\n\n\n<p class=\"has-text-align-left\">Wir treten in Kommunikation, f\u00fchren den Dialog und schaffen Verst\u00e4ndnis \u2013 innerhalb des Berufsstands, in der breiten \u00d6ffentlichkeit und gegen\u00fcber Entscheidungstr\u00e4ger:innen.<\/p>\n<\/div>\n\n\n\n<div class=\"wp-block-column is-layout-flow wp-block-column-is-layout-flow\"><div class=\"wp-block-image icon-style is-style-rounded\">\n<figure class=\"aligncenter size-full\"><img loading=\"lazy\" decoding=\"async\" width=\"64\" height=\"64\" src=\"https:\/\/ackernundbewegen.de\/wp-content\/uploads\/2025\/04\/Frame-66.png\" alt=\"\" class=\"wp-image-972\"\/><\/figure>\n<\/div>\n\n\n<h3 class=\"wp-block-heading has-text-align-center has-neve-text-color-color has-text-color\">bewegen<\/h3>\n\n\n\n<p class=\"has-text-align-left\">Wir benennen die Probleme und sind bereit zum \u00c4ndern. Daf\u00fcr braucht es die richtigen politischen Rahmenbedingungen. Wir zeigen Handlungsbedarf auf und bieten tragf\u00e4hige Konzepte.<\/p>\n<\/div>\n<\/div>\n\n\n\n<div class=\"wp-block-cover alignfull image-text-section\" id=\"about\"><span aria-hidden=\"true\" class=\"wp-block-cover__background has-custom-1-background-color has-background-dim-100 has-background-dim\"><\/span><div class=\"wp-block-cover__inner-container is-layout-constrained wp-block-cover-is-layout-constrained\">\n<div class=\"wp-block-columns are-vertically-aligned-center section is-layout-flex wp-container-core-columns-is-layout-9d6595d7 wp-block-columns-is-layout-flex\">\n<div class=\"wp-block-column is-vertically-aligned-center is-layout-flow wp-block-column-is-layout-flow\" style=\"flex-basis:50%\">\n<figure class=\"wp-block-image size-large rounded\"><img loading=\"lazy\" decoding=\"async\" width=\"1024\" height=\"683\" src=\"https:\/\/ackernundbewegen.de\/wp-content\/uploads\/2025\/03\/Kuhschnauze-1024x683.jpg\" alt=\"\" class=\"wp-image-376\" style=\"aspect-ratio:4\/3;object-fit:cover\" srcset=\"https:\/\/ackernundbewegen.de\/wp-content\/uploads\/2025\/03\/Kuhschnauze-1024x683.jpg 1024w, https:\/\/ackernundbewegen.de\/wp-content\/uploads\/2025\/03\/Kuhschnauze-300x200.jpg 300w, https:\/\/ackernundbewegen.de\/wp-content\/uploads\/2025\/03\/Kuhschnauze-768x512.jpg 768w, https:\/\/ackernundbewegen.de\/wp-content\/uploads\/2025\/03\/Kuhschnauze-1536x1024.jpg 1536w, https:\/\/ackernundbewegen.de\/wp-content\/uploads\/2025\/03\/Kuhschnauze-2048x1365.jpg 2048w, https:\/\/ackernundbewegen.de\/wp-content\/uploads\/2025\/03\/Kuhschnauze-930x620.jpg 930w\" sizes=\"auto, (max-width: 1024px) 100vw, 1024px\" \/><\/figure>\n<\/div>\n\n\n\n<div class=\"wp-block-column is-vertically-aligned-center padded is-layout-flow wp-block-column-is-layout-flow\" style=\"flex-basis:50%\">\n<h2 class=\"wp-block-heading has-text-align-left has-neve-link-color-color has-text-color\">\u00dcber uns<\/h2>\n\n\n\n<p class=\"has-text-align-left has-custom-2-color has-text-color\" style=\"font-size:17px\"><strong>ackern und bewegen <\/strong>wurde Anfang 2025 gegr\u00fcndet. Der Verein setzt sich f\u00fcr eine b\u00e4uerliche und zukunftsorientierte Landwirtschaft ein. Das hei\u00dft: <\/p>\n\n\n\n<ul class=\"wp-block-list\">\n<li class=\"has-custom-2-color has-text-color has-link-color wp-elements-7a5bc74235e3325c66a0b577b7cbe82e\">Landwirte und Landwirtinnen brauchen faire Erzeugerpreise und einen sicheren Zugang zu Land. Es muss sich lohnen, umweltgerecht und klimaschonend zu wirtschaften.<\/li>\n\n\n\n<li class=\"has-custom-2-color has-text-color has-link-color wp-elements-399609cbc4c6018c2ef3db949d0b33f7\">Der Umbau zu tiergerechter Haltung braucht politische Unterst\u00fctzung und verl\u00e4ssliche Perspektiven. <\/li>\n\n\n\n<li class=\"has-custom-2-color has-text-color has-link-color wp-elements-44025ae31234c23870f55de9044b40d5\">Und jungen Leuten muss der Einstieg in die Landwirtschaft erleichtert werden. <\/li>\n<\/ul>\n\n\n\n<p class=\"has-custom-2-color has-text-color has-link-color wp-elements-bad86f53c28d7cf84ef499a09da2bca9\">Denn nur so kann das H\u00f6festerben gestoppt und die Landwirtschaft zukunftsf\u00e4hig aufgestellt werden.<\/p>\n<\/div>\n<\/div>\n<\/div><\/div>\n\n\n\n<div class=\"wp-block-cover alignfull image-text-section\"><span aria-hidden=\"true\" class=\"wp-block-cover__background has-custom-2-background-color has-background-dim-100 has-background-dim\"><\/span><div class=\"wp-block-cover__inner-container is-layout-constrained wp-block-cover-is-layout-constrained\">\n<div class=\"wp-block-columns are-vertically-aligned-center is-layout-flex wp-container-core-columns-is-layout-9d6595d7 wp-block-columns-is-layout-flex\">\n<div class=\"wp-block-column is-vertically-aligned-center ticss-7eb28d7d is-layout-flow wp-block-column-is-layout-flow\">\n<figure class=\"wp-block-image size-large rounded\"><img loading=\"lazy\" decoding=\"async\" width=\"1024\" height=\"683\" src=\"https:\/\/ackernundbewegen.de\/wp-content\/uploads\/2025\/03\/Heumachen-1024x683.jpg\" alt=\"\" class=\"wp-image-377\" srcset=\"https:\/\/ackernundbewegen.de\/wp-content\/uploads\/2025\/03\/Heumachen-1024x683.jpg 1024w, https:\/\/ackernundbewegen.de\/wp-content\/uploads\/2025\/03\/Heumachen-300x200.jpg 300w, https:\/\/ackernundbewegen.de\/wp-content\/uploads\/2025\/03\/Heumachen-768x512.jpg 768w\" sizes=\"auto, (max-width: 1024px) 100vw, 1024px\" \/><\/figure>\n<\/div>\n\n\n\n<div class=\"wp-block-column is-vertically-aligned-center padded is-layout-flow wp-block-column-is-layout-flow\">\n<h2 class=\"wp-block-heading has-neve-text-color-color has-text-color has-link-color wp-elements-7ccb573bc7205003a10236f7ebc32ab6\">Unser Hintergrund<\/h2>\n\n\n\n<p class=\"has-neve-text-color-color has-text-color has-link-color wp-elements-12a6e87087dcd27c3ca4cde4e931235c\">Wir kommen aus der aktiven Landwirtschaft, Agrarverb\u00e4nden, Stiftungen, Imkerei, Naturschutz und \u00d6ffentlichkeitsarbeit. Wir zeigen, wie sich umwelt-, tiergerechtes und klimaangepasstes Ackern mit wirtschaftlicher Tragf\u00e4higkeit verbinden l\u00e4sst. Uns eint, dass uns die Zukunft der Landwirtschaft am Herzen liegt.<\/p>\n<\/div>\n<\/div>\n<\/div><\/div>\n\n\n\n<div class=\"wp-block-cover alignfull image-text-section ticss-4b8075e2\" style=\"min-height:600px;aspect-ratio:unset;\" id=\"unsere-arbeit\"><span aria-hidden=\"true\" class=\"wp-block-cover__background has-neve-text-color-background-color has-background-dim-100 has-background-dim\"><\/span><div class=\"wp-block-cover__inner-container is-layout-flow wp-block-cover-is-layout-flow\">\n<div class=\"wp-block-columns are-vertically-aligned-center is-layout-flex wp-container-core-columns-is-layout-9d6595d7 wp-block-columns-is-layout-flex\">\n<div class=\"wp-block-column is-vertically-aligned-center is-layout-flow wp-block-column-is-layout-flow\" style=\"flex-basis:50%\">\n<figure class=\"wp-block-image size-large rounded\"><img loading=\"lazy\" decoding=\"async\" width=\"1024\" height=\"1024\" src=\"https:\/\/ackernundbewegen.de\/wp-content\/uploads\/2025\/05\/Schweine_kenneth-schipper-unsplash-1-1024x1024.jpg\" alt=\"\" class=\"wp-image-997\" style=\"aspect-ratio:4\/3;object-fit:cover\" srcset=\"https:\/\/ackernundbewegen.de\/wp-content\/uploads\/2025\/05\/Schweine_kenneth-schipper-unsplash-1-1024x1024.jpg 1024w, https:\/\/ackernundbewegen.de\/wp-content\/uploads\/2025\/05\/Schweine_kenneth-schipper-unsplash-1-300x300.jpg 300w, https:\/\/ackernundbewegen.de\/wp-content\/uploads\/2025\/05\/Schweine_kenneth-schipper-unsplash-1-150x150.jpg 150w, https:\/\/ackernundbewegen.de\/wp-content\/uploads\/2025\/05\/Schweine_kenneth-schipper-unsplash-1-768x768.jpg 768w, https:\/\/ackernundbewegen.de\/wp-content\/uploads\/2025\/05\/Schweine_kenneth-schipper-unsplash-1-1536x1536.jpg 1536w, https:\/\/ackernundbewegen.de\/wp-content\/uploads\/2025\/05\/Schweine_kenneth-schipper-unsplash-1-2048x2048.jpg 2048w\" sizes=\"auto, (max-width: 1024px) 100vw, 1024px\" \/><\/figure>\n<\/div>\n\n\n\n<div class=\"wp-block-column is-vertically-aligned-center padded is-layout-flow wp-block-column-is-layout-flow\" style=\"flex-basis:50%\">\n<h2 class=\"wp-block-heading has-text-align-left has-neve-link-color-color has-text-color\">Unsere Arbeit<\/h2>\n\n\n\n<h3 class=\"wp-block-heading has-custom-3-color has-text-color has-link-color wp-elements-da1fb1732a24a0179ff02b8cfe3e84a6\">Kommunikation<\/h3>\n\n\n\n<p class=\"has-text-align-left ticss-d206ef2f has-nv-text-dark-bg-color has-text-color\" style=\"font-size:17px\">Wir unterst\u00fctzen B\u00e4uerinnen und Bauern dabei, ihre Anliegen wirkungsvoll zu kommunizieren. Schulungen und Netzwerke erleichtern es ihnen, ihre Geschichten authentisch zu erz\u00e4hlen und zu verdeutlichen, was sich politisch tun muss. So bauen wir Br\u00fccken \u2013 innerhalb der Landwirtschaft, zwischen Stadt und Land und zur Politik.<\/p>\n\n\n\n<h3 class=\"wp-block-heading has-custom-3-color has-text-color has-link-color wp-elements-f792b6bedf9738ef89542078fa7fe382\">Wissensvermittlung<\/h3>\n\n\n\n<p class=\"has-nv-text-dark-bg-color has-text-color\" style=\"font-size:17px\">Vielf\u00e4ltige Betriebe und landwirtschaftliche Strukturen, die klimafit, artenreich und wirtschaftlich tragf\u00e4hig sind &#8211; das geh\u00f6rt zu einer guten fachlichen Praxis. Landwirt:innen denken seit jeher in Kreisl\u00e4ufen und Generationen. Wir vermitteln bew\u00e4hrtes und innovatives Wissen und zeigen Wege zu mehr Nachhaltigkeit in der Landwirtschaft.<\/p>\n\n\n\n<h3 class=\"wp-block-heading has-custom-3-color has-text-color has-link-color wp-elements-576b1e25dc3adbc67bb5d71ab0ab5293\">Engagement<\/h3>\n\n\n\n<p class=\"has-text-align-left has-nv-text-dark-bg-color has-text-color\" style=\"font-size:17px\">Wir schaffen R\u00e4ume f\u00fcr Austausch, Weiterbildung und gemeinschaftliches Engagement. Zudem st\u00e4rken wir das Verst\u00e4ndnis f\u00fcr zukunftsf\u00e4hige Landwirtschaft, f\u00f6rdern die Wertsch\u00e4tzung regionaler Lebensmittel und setzen uns f\u00fcr ein demokratisches Miteinander ein. So halten wir l\u00e4ndliche R\u00e4ume lebendig.<\/p>\n<\/div>\n<\/div>\n<\/div><\/div>\n\n\n\n<div class=\"wp-block-cover alignfull ticss-3958cc16\" style=\"padding-right:16px;padding-left:16px;min-height:600px;aspect-ratio:unset;\" id=\"projekte\"><span aria-hidden=\"true\" class=\"wp-block-cover__background has-nv-site-bg-background-color has-background-dim-100 has-background-dim\"><\/span><div class=\"wp-block-cover__inner-container is-layout-flow wp-block-cover-is-layout-flow\">\n<h2 class=\"wp-block-heading has-neve-text-color-color has-text-color\">Aktuelle Projekte<\/h2>\n\n\n\n<div class=\"wp-block-columns are-vertically-aligned-center is-not-stacked-on-mobile ticss-8a7b66cb is-layout-flex wp-container-core-columns-is-layout-9d6595d7 wp-block-columns-is-layout-flex\">\n<div class=\"wp-block-column is-vertically-aligned-center has-neve-text-color-color has-text-color has-link-color wp-elements-81ac306cbd84c59575d49ca8500867d6 is-layout-flow wp-block-column-is-layout-flow\" style=\"flex-basis:50%\">\n<figure class=\"wp-block-image size-large rounded ticss-1ebde03f\"><img loading=\"lazy\" decoding=\"async\" width=\"2560\" height=\"2560\" src=\"https:\/\/ackernundbewegen.de\/wp-content\/uploads\/2025\/03\/Baeuerin_Sonne-edited-scaled.jpg\" alt=\"\" class=\"wp-image-380\" style=\"aspect-ratio:3\/2;object-fit:cover\" srcset=\"https:\/\/ackernundbewegen.de\/wp-content\/uploads\/2025\/03\/Baeuerin_Sonne-edited-scaled.jpg 2560w, https:\/\/ackernundbewegen.de\/wp-content\/uploads\/2025\/03\/Baeuerin_Sonne-edited-300x300.jpg 300w, https:\/\/ackernundbewegen.de\/wp-content\/uploads\/2025\/03\/Baeuerin_Sonne-edited-1024x1024.jpg 1024w, https:\/\/ackernundbewegen.de\/wp-content\/uploads\/2025\/03\/Baeuerin_Sonne-edited-150x150.jpg 150w, https:\/\/ackernundbewegen.de\/wp-content\/uploads\/2025\/03\/Baeuerin_Sonne-edited-768x768.jpg 768w, https:\/\/ackernundbewegen.de\/wp-content\/uploads\/2025\/03\/Baeuerin_Sonne-edited-1536x1536.jpg 1536w, https:\/\/ackernundbewegen.de\/wp-content\/uploads\/2025\/03\/Baeuerin_Sonne-edited-2048x2048.jpg 2048w\" sizes=\"auto, (max-width: 2560px) 100vw, 2560px\" \/><\/figure>\n\n\n\n<h3 class=\"wp-block-heading ticss-4770b929\">Br\u00fcckenBauer:in<\/h3>\n\n\n\n<p class=\"ticss-7953b4e9\">Wir \u00fcberbr\u00fccken Gr\u00e4ben und verhelfen b\u00e4uerlichen Stimmen zu mehr Reichweite.\nMit finanzieller Unterst\u00fctzung, regelm\u00e4\u00dfigen Fortbildungen und einem\npassgenauen Coaching schaffen wir ein Netzwerk und st\u00e4rken Botschafter:innen\nf\u00fcr eine zukunftsf\u00e4hige Landwirtschaft.\n<\/p>\n\n\n\n<div class=\"wp-block-buttons ticss-62b3a8a0 is-layout-flex wp-block-buttons-is-layout-flex\">\n<div class=\"wp-block-button\"><a class=\"wp-block-button__link wp-element-button\" href=\"https:\/\/brueckenbauer.in\/\" target=\"_blank\" rel=\"noreferrer noopener\">zu Br\u00fcckenBauer:in<\/a><\/div>\n<\/div>\n<\/div>\n\n\n\n<div class=\"wp-block-column ticss-8a9bfa19 is-layout-flow wp-block-column-is-layout-flow\" style=\"flex-basis:50%\">\n<figure class=\"wp-block-image size-large has-custom-border\"><img loading=\"lazy\" decoding=\"async\" width=\"1024\" height=\"684\" src=\"https:\/\/ackernundbewegen.de\/wp-content\/uploads\/2025\/09\/P1170027-1024x684.jpg\" alt=\"\" class=\"wp-image-1004\" style=\"border-style:none;border-width:0px;border-radius:20px;aspect-ratio:3\/2;object-fit:cover\" srcset=\"https:\/\/ackernundbewegen.de\/wp-content\/uploads\/2025\/09\/P1170027-1024x684.jpg 1024w, https:\/\/ackernundbewegen.de\/wp-content\/uploads\/2025\/09\/P1170027-300x200.jpg 300w, https:\/\/ackernundbewegen.de\/wp-content\/uploads\/2025\/09\/P1170027-768x513.jpg 768w, https:\/\/ackernundbewegen.de\/wp-content\/uploads\/2025\/09\/P1170027-1536x1026.jpg 1536w, https:\/\/ackernundbewegen.de\/wp-content\/uploads\/2025\/09\/P1170027-2048x1368.jpg 2048w, https:\/\/ackernundbewegen.de\/wp-content\/uploads\/2025\/09\/P1170027-930x620.jpg 930w\" sizes=\"auto, (max-width: 1024px) 100vw, 1024px\" \/><\/figure>\n\n\n\n<h3 class=\"wp-block-heading ticss-4770b929 has-text-color has-link-color wp-elements-c010b7186d38bfaa49d0009f8263e3e8\" style=\"color:#113c42\">BaumLand<\/h3>\n\n\n\n<p class=\"has-text-color has-link-color wp-elements-224e9d5419a1cbfb1a02fd2f4cbc1468\" style=\"color:#113c42\">Wir bringen mehr Geh\u00f6lze in die Landwirtschaft. Mit politischem Druck, fachlicher Expertise und direktem Austausch schaffen wir bessere F\u00f6rderbedingungen f\u00fcr Hecken, Streuobst, Agroforst und Alleen \u2013 als konkrete Antwort auf Biodiversit\u00e4tsverlust, Bodenerosion und D\u00fcrre.<\/p>\n\n\n\n<div class=\"wp-block-buttons is-layout-flex wp-block-buttons-is-layout-flex\">\n<div class=\"wp-block-button\"><a class=\"wp-block-button__link wp-element-button\" href=\"https:\/\/baumland-kampagne.de\">zu BaumLand<\/a><\/div>\n<\/div>\n<\/div>\n<\/div>\n<\/div><\/div>\n\n\n\n<div class=\"wp-block-cover alignfull ticss-b2dbc87f\" style=\"padding-right:16px;padding-left:16px\" id=\"kontakt\"><span aria-hidden=\"true\" class=\"wp-block-cover__background has-custom-4-background-color has-background-dim-100 has-background-dim\"><\/span><div class=\"wp-block-cover__inner-container is-layout-constrained wp-container-core-cover-is-layout-84c32d98 wp-block-cover-is-layout-constrained\">\n<div class=\"wp-block-columns ticss-1cd8e6b1 is-layout-flex wp-container-core-columns-is-layout-9d6595d7 wp-block-columns-is-layout-flex\">\n<div class=\"wp-block-column ticss-a31612ea has-neve-text-color-color has-text-color has-link-color wp-elements-e62ef64c5daa734df2cf2119bca13edb is-layout-flow wp-block-column-is-layout-flow\">\n<h2 class=\"wp-block-heading\">Kontaktformular<\/h2>\n\n\n\n<div id=\"wp-block-themeisle-blocks-form-3b7948c0\" class=\"wp-block-themeisle-blocks-form ticss-a772d33d\" data-option-name=\"bf9b28ff82ce323187abc5d0feb0d8f07ecd8436_3b7948c0\"><form class=\"otter-form__container\">\n<div id=\"wp-block-themeisle-blocks-form-input-5248bade\" class=\"wp-block-themeisle-blocks-form-input\"><label for=\"wp-block-themeisle-blocks-form-input-5248bade-input\" class=\"otter-form-input-label\"><span class=\"otter-form-input-label__label\">Name<\/span><span class=\"required\">*<\/span><\/label><input type=\"text\" id=\"wp-block-themeisle-blocks-form-input-5248bade-input\" required class=\"otter-form-input\"\/><\/div>\n\n\n\n<div id=\"wp-block-themeisle-blocks-form-input-67517855\" class=\"wp-block-themeisle-blocks-form-input\"><label for=\"wp-block-themeisle-blocks-form-input-67517855-input\" class=\"otter-form-input-label\"><span class=\"otter-form-input-label__label\">E-Mail<\/span><span class=\"required\">*<\/span><\/label><input type=\"email\" id=\"wp-block-themeisle-blocks-form-input-67517855-input\" required class=\"otter-form-input\"\/><\/div>\n\n\n<div class=\"protection\" aria-hidden=\"true\"><input type=\"hidden\" id=\"wp-block-themeisle-blocks-form-3b7948c0_nonce_field\" name=\"wp-block-themeisle-blocks-form-3b7948c0_nonce_field\" value=\"dea5029208\" \/><input type=\"hidden\" name=\"_wp_http_referer\" value=\"\/index.php?rest_route=%2Fwp%2Fv2%2Fpages%2F309\" \/><input class=\"o-anti-bot\" type=\"checkbox\"><\/div>\n\n\n<div id=\"wp-block-themeisle-blocks-form-textarea-a8d6200e\" class=\"wp-block-themeisle-blocks-form-textarea\"><label for=\"wp-block-themeisle-blocks-form-textarea-a8d6200e-input\" class=\"otter-form-textarea-label\"><span class=\"otter-form-textarea-label__label\">Nachricht<\/span><\/label><textarea id=\"wp-block-themeisle-blocks-form-textarea-a8d6200e-input\" rows=\"10\" class=\"otter-form-textarea-input\"><\/textarea><\/div>\n\n\n\n<p class=\"has-extra-small-font-size\">Ich best\u00e4tige, dass ich die <a href=\"https:\/\/ackernundbewegen.de\/?page_id=3\" data-type=\"page\" data-id=\"3\">Datenschutzerkl\u00e4rung<\/a> gelesen und zur Kenntnis genommen habe.<\/p>\n<div class=\"wp-block-button\"><button class=\"wp-block-button__link\" type=\"submit\">Abschicken<\/button><\/div><\/form><\/div>\n<\/div>\n\n\n\n<div class=\"wp-block-column is-layout-flow wp-block-column-is-layout-flow\">\n<div class=\"wp-block-group ticss-c38cb9ee\"><div class=\"wp-block-group__inner-container is-layout-constrained wp-block-group-is-layout-constrained\">\n<div class=\"wp-block-group\"><div class=\"wp-block-group__inner-container is-layout-flow wp-block-group-is-layout-flow\"><div class=\"wp-block-image icon-style is-style-default wp-duotone-unset-2\">\n<figure class=\"aligncenter size-full\"><img loading=\"lazy\" decoding=\"async\" width=\"80\" height=\"80\" src=\"https:\/\/ackernundbewegen.de\/wp-content\/uploads\/2025\/04\/ic_outline-location-on.png\" alt=\"\" class=\"wp-image-955\"\/><\/figure>\n<\/div>\n\n\n<h3 class=\"wp-block-heading has-text-align-center has-neve-text-color-color has-text-color\">Postanschrift<\/h3>\n\n\n\n<p class=\"has-text-align-center has-neve-text-color-color has-text-color\" style=\"font-size:18px\">Neverstaven 2a<br>23843 Travenbr\u00fcck<\/p>\n<\/div><\/div>\n\n\n\n<div class=\"wp-block-group\"><div class=\"wp-block-group__inner-container is-layout-flow wp-block-group-is-layout-flow\"><div class=\"wp-block-image icon-style is-style-default ticss-835489a1\">\n<figure class=\"aligncenter size-full\"><img loading=\"lazy\" decoding=\"async\" width=\"80\" height=\"80\" src=\"https:\/\/ackernundbewegen.de\/wp-content\/uploads\/2025\/04\/ic_baseline-alternate-email.png\" alt=\"\" class=\"wp-image-953\"\/><\/figure>\n<\/div>\n\n\n<h3 class=\"wp-block-heading has-text-align-center has-neve-text-color-color has-text-color\">E-Mail<\/h3>\n\n\n\n<p class=\"has-text-align-center has-neve-text-color-color has-text-color\" style=\"font-size:18px\"><a href=\"mailto:info@ackernundbewegen.de\">info@ackernundbewegen.de<\/a><\/p>\n<\/div><\/div>\n\n\n\n<div class=\"wp-block-group\"><div class=\"wp-block-group__inner-container is-layout-flow wp-block-group-is-layout-flow\"><div class=\"wp-block-image icon-style is-style-default\">\n<figure class=\"aligncenter size-full\"><img loading=\"lazy\" decoding=\"async\" width=\"80\" height=\"80\" src=\"https:\/\/ackernundbewegen.de\/wp-content\/uploads\/2025\/04\/ic_outline-phone-enabled.png\" alt=\"\" class=\"wp-image-954\"\/><\/figure>\n<\/div>\n\n\n<h3 class=\"wp-block-heading has-text-align-center has-neve-text-color-color has-text-color\">Telefon<\/h3>\n\n\n\n<p class=\"has-text-align-center has-neve-text-color-color has-text-color\" style=\"font-size:18px\"><a href=\"tel:491757144746\">+49 175 71 44 746<\/a><\/p>\n<\/div><\/div>\n<\/div><\/div>\n<\/div>\n<\/div>\n<\/div><\/div>\n","protected":false},"excerpt":{"rendered":"<p>F\u00fcr eine Landwirtschaft,die bewegt. ackern Wir packen an, schaffen vielf\u00e4ltige Landschaften und produzieren leckere Lebensmittel \u2013 und wir stellen uns den Herausforderungen unserer Zeit. Denn Landwirtschaft hei\u00dft L\u00f6sungen suchen. informieren Wir treten in Kommunikation, f\u00fchren den Dialog und schaffen Verst\u00e4ndnis \u2013 innerhalb des Berufsstands, in der breiten \u00d6ffentlichkeit und gegen\u00fcber Entscheidungstr\u00e4ger:innen. bewegen Wir benennen die&hellip;&nbsp;<a href=\"https:\/\/ackernundbewegen.de\/\" rel=\"bookmark\">Weiterlesen &raquo;<span class=\"screen-reader-text\">Home<\/span><\/a><\/p>\n","protected":false},"author":1,"featured_media":0,"parent":0,"menu_order":0,"comment_status":"closed","ping_status":"closed","template":"","meta":{"neve_meta_sidebar":"default","neve_meta_container":"default","neve_meta_enable_content_width":"on","neve_meta_content_width":100,"neve_meta_title_alignment":"","neve_meta_author_avatar":"","neve_post_elements_order":"","neve_meta_disable_header":"","neve_meta_disable_footer":"","neve_meta_disable_title":"on","_themeisle_gutenberg_block_has_review":false,"footnotes":""},"class_list":["post-309","page","type-page","status-publish","hentry"],"_links":{"self":[{"href":"https:\/\/ackernundbewegen.de\/index.php?rest_route=\/wp\/v2\/pages\/309","targetHints":{"allow":["GET"]}}],"collection":[{"href":"https:\/\/ackernundbewegen.de\/index.php?rest_route=\/wp\/v2\/pages"}],"about":[{"href":"https:\/\/ackernundbewegen.de\/index.php?rest_route=\/wp\/v2\/types\/page"}],"author":[{"embeddable":true,"href":"https:\/\/ackernundbewegen.de\/index.php?rest_route=\/wp\/v2\/users\/1"}],"replies":[{"embeddable":true,"href":"https:\/\/ackernundbewegen.de\/index.php?rest_route=%2Fwp%2Fv2%2Fcomments&post=309"}],"version-history":[{"count":238,"href":"https:\/\/ackernundbewegen.de\/index.php?rest_route=\/wp\/v2\/pages\/309\/revisions"}],"predecessor-version":[{"id":1011,"href":"https:\/\/ackernundbewegen.de\/index.php?rest_route=\/wp\/v2\/pages\/309\/revisions\/1011"}],"wp:attachment":[{"href":"https:\/\/ackernundbewegen.de\/index.php?rest_route=%2Fwp%2Fv2%2Fmedia&parent=309"}],"curies":[{"name":"wp","href":"https:\/\/api.w.org\/{rel}","templated":true}]}}